{"id":14,"date":"2024-10-17T15:51:26","date_gmt":"2024-10-17T13:51:26","guid":{"rendered":"https:\/\/karlduchemin.fr\/?page_id=14"},"modified":"2026-09-01T10:19:26","modified_gmt":"2026-09-01T08:19:26","slug":"accueil","status":"publish","type":"page","link":"https:\/\/karlduchemin.fr\/","title":{"rendered":"Accueil"},"content":{"rendered":"\n<figure class=\"wp-block-image alignfull size-full ban-title\"><img loading=\"lazy\" decoding=\"async\" width=\"1024\" height=\"360\" src=\"https:\/\/karlduchemin.fr\/wp-content\/uploads\/2026\/08\/banniere-home.png\" alt=\"\" class=\"wp-image-818\" srcset=\"https:\/\/karlduchemin.fr\/wp-content\/uploads\/2026\/08\/banniere-home.png 1024w, https:\/\/karlduchemin.fr\/wp-content\/uploads\/2026\/08\/banniere-home-300x105.png 300w, https:\/\/karlduchemin.fr\/wp-content\/uploads\/2026\/08\/banniere-home-768x270.png 768w\" sizes=\"auto, (max-width: 1024px) 100vw, 1024px\" \/><\/figure>\n\n\n\n<div class=\"wp-block-columns width-1300 is-layout-flex wp-container-core-columns-is-layout-8f761849 wp-block-columns-is-layout-flex\">\n<div class=\"wp-block-column is-layout-flow wp-block-column-is-layout-flow\">\n<p class=\"has-text-color has-link-color wp-elements-1 wp-block-paragraph\" style=\"color:#5341f2;font-size:48px\"><strong>Hello \ud83d\ude42<\/strong><\/p>\n\n\n\n<p class=\"wp-block-paragraph\">Je m&rsquo;appelle <strong>Karl Duchemin<\/strong>, et je suis <strong>webdesigner<\/strong>, <strong>photographe<\/strong> et <strong>community manager<\/strong> <strong>freelance<\/strong>.<\/p>\n\n\n\n<p class=\"wp-block-paragraph\">J&rsquo;ai su faire de mes diff\u00e9rentes exp\u00e9riences personnelles et professionnelles quelque chose qui construit <strong>mon univers <\/strong>et surtout <strong>ma fa\u00e7on de travailler<\/strong>, en quelques mots : <strong>\u00e9change<\/strong>, <strong>partage<\/strong>, <strong>polyvalence<\/strong>, <strong>passion<\/strong>, <strong>passion<\/strong> <em>(et encore passion !)<\/em>.<\/p>\n\n\n\n<p class=\"wp-block-paragraph\">Vous recherchez \u00e0 concr\u00e9tiser votre projet, que ce soit par <strong>les mots<\/strong>, <strong>l&rsquo;image<\/strong>, ou les deux ? Vous avez besoin de mettre en place une communication qui a cette <strong>touche d&rsquo;originalit\u00e9<\/strong> en plus, et qui vous ressemble ? Je suis l\u00e0 pour <strong>vous accompagner<\/strong>, <strong>l&rsquo;\u00e9coute et l&rsquo;\u00e9change<\/strong> dans le cadre de votre projet aura pour r\u00e9sultat quelque chose d&rsquo;<strong>unique<\/strong> !<\/p>\n\n\n\n<div class=\"wp-block-buttons is-content-justification-center is-layout-flex wp-container-core-buttons-is-layout-fe48e5de wp-block-buttons-is-layout-flex\">\n<div class=\"wp-block-button accueil-btn is-style-fill\"><a class=\"wp-block-button__link has-background wp-element-button\" href=\"https:\/\/karlduchemin.fr\/index.php\/services\/\" style=\"border-radius:0px;background-color:#5341f2\">D\u00e9couvrir mes services<\/a><\/div>\n<\/div>\n<\/div>\n\n\n\n<div class=\"wp-block-column is-layout-flow wp-block-column-is-layout-flow\">\n<figure class=\"wp-block-image size-large is-resized\"><img loading=\"lazy\" decoding=\"async\" width=\"1024\" height=\"977\" src=\"http:\/\/karlduchemin.fr\/wp-content\/uploads\/2024\/12\/459947228_10234052538633061_6724363453539472018_n-1024x977.jpg\" alt=\"Photo portrait\" class=\"wp-image-576\" style=\"width:474px;height:auto\" srcset=\"https:\/\/karlduchemin.fr\/wp-content\/uploads\/2024\/12\/459947228_10234052538633061_6724363453539472018_n-1024x977.jpg 1024w, https:\/\/karlduchemin.fr\/wp-content\/uploads\/2024\/12\/459947228_10234052538633061_6724363453539472018_n-300x286.jpg 300w, https:\/\/karlduchemin.fr\/wp-content\/uploads\/2024\/12\/459947228_10234052538633061_6724363453539472018_n-768x732.jpg 768w, https:\/\/karlduchemin.fr\/wp-content\/uploads\/2024\/12\/459947228_10234052538633061_6724363453539472018_n.jpg 1296w\" sizes=\"auto, (max-width: 1024px) 100vw, 1024px\" \/><\/figure>\n<\/div>\n<\/div>\n\n\n\n<div class=\"wp-block-group purple has-background\" style=\"background:linear-gradient(135deg,rgb(102,100,255) 0%,rgb(102,53,255) 100%)\"><div class=\"wp-block-group__inner-container is-layout-constrained wp-block-group-is-layout-constrained\">\n<h2 class=\"wp-block-heading has-text-align-center has-white-color has-text-color has-link-color wp-elements-2\">Quelques <strong>projets<\/strong> r\u00e9alis\u00e9s<\/h2>\n\n\n\n<p class=\"gallery-home wp-block-paragraph\"><div id=\"pfg-gallery-604\" class=\"pfg-gallery-wrapper pfg-loading pfg-template-masonry-portfolio\" data-gallery-id=\"604\" data-multi-select=\"false\" data-filter-logic=\"or\" data-filter-hierarchy=\"[]\" data-url-param=\"filter\" data-version=\"2.2.0\" data-lightbox-title=\"true\" data-lightbox-description=\"false\" data-show-preloader=\"true\" data-image-links=\"false\"><div class=\"pfg-preloader\"><div class=\"pfg-preloader-spinner\"><\/div><span class=\"pfg-preloader-text\">Loading...<\/span><\/div><div class=\"pfg-grid pfg-grid--masonry\" style=\"--pfg-gap: 15px; --pfg-border-radius: 0px; --pfg-radius: 0px; --pfg-overlay-color: rgba(0, 0, 0, 0.7); --pfg-primary-color: #94a3b8; --pfg-caption-text: #ffffff; --pfg-caption-bg: #ffffff\"><div class=\"pfg-item  pfg-item-hover--slide-up\" data-id=\"831\"><a href=\"https:\/\/karlduchemin.fr\/index.php\/swamp-evil\/\" class=\"pfg-item-link\" target=\"_blank\" rel=\"noopener\"><img src=\"https:\/\/karlduchemin.fr\/wp-content\/uploads\/2024\/10\/swamp-accueil.jpg\" srcset=\"https:\/\/karlduchemin.fr\/wp-content\/uploads\/2024\/10\/swamp-accueil.jpg 419w, https:\/\/karlduchemin.fr\/wp-content\/uploads\/2024\/10\/swamp-accueil-300x172.jpg 300w\" sizes=\"(min-width: 1200px) 25vw, (min-width: 992px) 25vw, (min-width: 768px) 50vw, 100vw\" alt=\"Merchandising et logo - Swamp Evil\" loading=\"eager\" decoding=\"async\" class=\"pfg-item-image\"><div class=\"pfg-item-caption pfg-item-caption--overlay\"><h3 class=\"pfg-item-title\">MERCHANDISING ET LOGO \u2013 SWAMP EVIL<\/h3><\/div><\/a><\/div><div class=\"pfg-item  pfg-item-hover--slide-up\" data-id=\"838\"><a href=\"https:\/\/karlduchemin.fr\/index.php\/community-management-xv-anniversary-vedanity-affair\/\" class=\"pfg-item-link\" target=\"_blank\" rel=\"noopener\"><img src=\"https:\/\/karlduchemin.fr\/wp-content\/uploads\/2026\/09\/vedanityaffair-accueil.jpg\" srcset=\"https:\/\/karlduchemin.fr\/wp-content\/uploads\/2026\/09\/vedanityaffair-accueil.jpg 419w, https:\/\/karlduchemin.fr\/wp-content\/uploads\/2026\/09\/vedanityaffair-accueil-300x172.jpg 300w\" sizes=\"(min-width: 1200px) 25vw, (min-width: 992px) 25vw, (min-width: 768px) 50vw, 100vw\" alt=\"COMMUNITY MANAGEMENT - XV ANNIVERSARY VEDANITY AFFAIR\" loading=\"eager\" decoding=\"async\" class=\"pfg-item-image\"><div class=\"pfg-item-caption pfg-item-caption--overlay\"><h3 class=\"pfg-item-title\">COMMUNITY MANAGEMENT - XV ANNIVERSARY VEDANITY AFFAIR<\/h3><\/div><\/a><\/div><div class=\"pfg-item  pfg-item-hover--slide-up\" data-id=\"795\"><a href=\"https:\/\/karlduchemin.fr\/index.php\/the-be-for-autfest\/\" class=\"pfg-item-link\" target=\"_blank\" rel=\"noopener\"><img src=\"https:\/\/karlduchemin.fr\/wp-content\/uploads\/2025\/03\/P1010037-1024x576.jpg\" srcset=\"https:\/\/karlduchemin.fr\/wp-content\/uploads\/2025\/03\/P1010037-1024x576.jpg 1024w, https:\/\/karlduchemin.fr\/wp-content\/uploads\/2025\/03\/P1010037-300x169.jpg 300w, https:\/\/karlduchemin.fr\/wp-content\/uploads\/2025\/03\/P1010037-768x432.jpg 768w, https:\/\/karlduchemin.fr\/wp-content\/uploads\/2025\/03\/P1010037-1536x865.jpg 1536w, https:\/\/karlduchemin.fr\/wp-content\/uploads\/2025\/03\/P1010037-2048x1153.jpg 2048w\" sizes=\"(min-width: 1200px) 25vw, (min-width: 992px) 25vw, (min-width: 768px) 50vw, 100vw\" alt=\"THE BE FOR AUTFEST \u2013 ESPACE CULTUREL GROSSEMY\" loading=\"eager\" decoding=\"async\" class=\"pfg-item-image\"><div class=\"pfg-item-caption pfg-item-caption--overlay\"><h3 class=\"pfg-item-title\">THE BE FOR AUTFEST \u2013 ESPACE CULTUREL GROSSEMY<\/h3><\/div><\/a><\/div><div class=\"pfg-item  pfg-item-hover--slide-up\" data-id=\"701\"><a href=\"https:\/\/karlduchemin.fr\/index.php\/newsletters-hair-dynazty\/\" class=\"pfg-item-link\" target=\"_blank\" rel=\"noopener\"><img src=\"https:\/\/karlduchemin.fr\/wp-content\/uploads\/2024\/10\/nlhd-accueil.gif\" alt=\"NEWSLETTERS \u2013 HAIR DYNAZTY\" loading=\"eager\" decoding=\"async\" class=\"pfg-item-image\"><div class=\"pfg-item-caption pfg-item-caption--overlay\"><h3 class=\"pfg-item-title\">NEWSLETTERS \u2013 HAIR DYNAZTY<\/h3><\/div><\/a><\/div><\/div><\/div><\/p>\n\n\n\n<div class=\"wp-block-buttons is-content-justification-center is-layout-flex wp-container-core-buttons-is-layout-fe48e5de wp-block-buttons-is-layout-flex\">\n<div class=\"wp-block-button btn-faq\"><a class=\"wp-block-button__link has-white-background-color has-background wp-element-button\" href=\"https:\/\/karlduchemin.fr\/index.php\/portfolio\/\" style=\"border-radius:0px\">Voir tous mes projets<\/a><\/div>\n<\/div>\n<\/div><\/div>\n\n\n\n<div class=\"wp-block-columns width-1300 is-layout-flex wp-container-core-columns-is-layout-8f761849 wp-block-columns-is-layout-flex\">\n<div class=\"wp-block-column is-layout-flow wp-block-column-is-layout-flow\">\n<h2 class=\"wp-block-heading has-text-color has-link-color wp-elements-3\" style=\"color:#5341f2\">Foire aux <strong>questions<\/strong><\/h2>\n<\/div>\n\n\n\n<div class=\"wp-block-column is-layout-flow wp-block-column-is-layout-flow\"><\/div>\n<\/div>\n\n\n\n<div class=\"wp-block-columns width-1300 is-layout-flex wp-container-core-columns-is-layout-8f761849 wp-block-columns-is-layout-flex\">\n<div class=\"wp-block-column is-layout-flow wp-block-column-is-layout-flow\">\n<p class=\"wp-block-paragraph\">Retrouvez les r\u00e9ponses aux questions fr\u00e9quemment pos\u00e9es dans le cadre de mes projets.<br>Vous ne trouvez pas r\u00e9ponse \u00e0 votre question ? N&rsquo;h\u00e9sitez pas \u00e0 me contacter !<\/p>\n<\/div>\n\n\n\n<div class=\"wp-block-column is-layout-flow wp-block-column-is-layout-flow\">\n<div class=\"wp-block-buttons is-content-justification-center is-layout-flex wp-container-core-buttons-is-layout-5d660988 wp-block-buttons-is-layout-flex\">\n<div class=\"wp-block-button accueil-btn\"><a class=\"wp-block-button__link has-background wp-element-button\" href=\"https:\/\/karlduchemin.fr\/index.php\/faq\/\" style=\"border-radius:0px;background-color:#5341f2\">Consulter la FAQ<\/a><\/div>\n<\/div>\n<\/div>\n<\/div>\n\n\n\n<p class=\"wp-block-paragraph\"><\/p>\n","protected":false},"excerpt":{"rendered":"<p>Hello \ud83d\ude42 Je m&rsquo;appelle Karl Duchemin, et je suis webdesigner, photographe et community manager freelance. J&rsquo;ai su faire de mes diff\u00e9rentes exp\u00e9riences personnelles et professionnelles quelque chose qui construit mon univers et surtout ma fa\u00e7on de travailler, en quelques mots : \u00e9change, partage, polyvalence, passion, passion (et encore passion !). Vous recherchez \u00e0 concr\u00e9tiser votre [&hellip;]<\/p>\n","protected":false},"author":1,"featured_media":0,"parent":0,"menu_order":0,"comment_status":"closed","ping_status":"closed","template":"qi-full-width.php","meta":{"footnotes":""},"class_list":["post-14","page","type-page","status-publish","hentry"],"yoast_head":"<!-- This site is optimized with the Yoast SEO plugin v28.3 - https:\/\/yoast.com\/product\/yoast-seo-wordpress\/ -->\n<title>Karl Duchemin - Webdesigner, photographe, community manager et booker freelance<\/title>\n<meta name=\"description\" content=\"Webdesigner, photographie, community manager et booker freelance \u00e0 Lille, je r\u00e9alise votre logo, site web, shooting photo...\" \/>\n<meta name=\"robots\" content=\"index, follow, max-snippet:-1, max-image-preview:large, max-video-preview:-1\" \/>\n<link rel=\"canonical\" href=\"http:\/\/karlduchemin.fr\/\" \/>\n<meta property=\"og:locale\" content=\"fr_FR\" \/>\n<meta property=\"og:type\" content=\"article\" \/>\n<meta property=\"og:title\" content=\"Karl Duchemin - Webdesigner, photographe, community manager et booker freelance\" \/>\n<meta property=\"og:description\" content=\"Webdesigner, photographie, community manager et booker freelance \u00e0 Lille, je r\u00e9alise votre logo, site web, shooting photo...\" \/>\n<meta property=\"og:url\" content=\"http:\/\/karlduchemin.fr\/\" \/>\n<meta property=\"og:site_name\" content=\"Karl Duchemin\" \/>\n<meta property=\"article:modified_time\" content=\"2026-09-01T08:19:26+00:00\" \/>\n<meta property=\"og:image\" content=\"https:\/\/karlduchemin.fr\/wp-content\/uploads\/2026\/08\/banniere-home.png\" \/>\n<meta name=\"twitter:card\" content=\"summary_large_image\" \/>\n<meta name=\"twitter:label1\" content=\"Dur\u00e9e de lecture estim\u00e9e\" \/>\n\t<meta name=\"twitter:data1\" content=\"2 minutes\" \/>\n<script type=\"application\/ld+json\" class=\"yoast-schema-graph\">{\"@context\":\"https:\\\/\\\/schema.org\",\"@graph\":[{\"@type\":\"WebPage\",\"@id\":\"http:\\\/\\\/karlduchemin.fr\\\/\",\"url\":\"http:\\\/\\\/karlduchemin.fr\\\/\",\"name\":\"Karl Duchemin - Webdesigner, photographe, community manager et booker freelance\",\"isPartOf\":{\"@id\":\"http:\\\/\\\/karlduchemin.fr\\\/#website\"},\"primaryImageOfPage\":{\"@id\":\"http:\\\/\\\/karlduchemin.fr\\\/#primaryimage\"},\"image\":{\"@id\":\"http:\\\/\\\/karlduchemin.fr\\\/#primaryimage\"},\"thumbnailUrl\":\"https:\\\/\\\/karlduchemin.fr\\\/wp-content\\\/uploads\\\/2026\\\/08\\\/banniere-home.png\",\"datePublished\":\"2024-10-17T13:51:26+00:00\",\"dateModified\":\"2026-09-01T08:19:26+00:00\",\"description\":\"Webdesigner, photographie, community manager et booker freelance \u00e0 Lille, je r\u00e9alise votre logo, site web, shooting photo...\",\"breadcrumb\":{\"@id\":\"http:\\\/\\\/karlduchemin.fr\\\/#breadcrumb\"},\"inLanguage\":\"fr-FR\",\"potentialAction\":[{\"@type\":\"ReadAction\",\"target\":[\"http:\\\/\\\/karlduchemin.fr\\\/\"]}]},{\"@type\":\"ImageObject\",\"inLanguage\":\"fr-FR\",\"@id\":\"http:\\\/\\\/karlduchemin.fr\\\/#primaryimage\",\"url\":\"https:\\\/\\\/karlduchemin.fr\\\/wp-content\\\/uploads\\\/2026\\\/08\\\/banniere-home.png\",\"contentUrl\":\"https:\\\/\\\/karlduchemin.fr\\\/wp-content\\\/uploads\\\/2026\\\/08\\\/banniere-home.png\",\"width\":1024,\"height\":360},{\"@type\":\"BreadcrumbList\",\"@id\":\"http:\\\/\\\/karlduchemin.fr\\\/#breadcrumb\",\"itemListElement\":[{\"@type\":\"ListItem\",\"position\":1,\"name\":\"Accueil\",\"item\":\"http:\\\/\\\/karlduchemin.fr\\\/\"},{\"@type\":\"ListItem\",\"position\":2,\"name\":\"Accueil\"}]},{\"@type\":\"WebSite\",\"@id\":\"http:\\\/\\\/karlduchemin.fr\\\/#website\",\"url\":\"http:\\\/\\\/karlduchemin.fr\\\/\",\"name\":\"Karl Duchemin\",\"description\":\"Webdesigner, photographe, community manager et booker freelance\",\"publisher\":{\"@id\":\"http:\\\/\\\/karlduchemin.fr\\\/#\\\/schema\\\/person\\\/e6c4f85e13fa9559dcdf1fef389b5686\"},\"potentialAction\":[{\"@type\":\"SearchAction\",\"target\":{\"@type\":\"EntryPoint\",\"urlTemplate\":\"http:\\\/\\\/karlduchemin.fr\\\/?s={search_term_string}\"},\"query-input\":{\"@type\":\"PropertyValueSpecification\",\"valueRequired\":true,\"valueName\":\"search_term_string\"}}],\"inLanguage\":\"fr-FR\"},{\"@type\":[\"Person\",\"Organization\"],\"@id\":\"http:\\\/\\\/karlduchemin.fr\\\/#\\\/schema\\\/person\\\/e6c4f85e13fa9559dcdf1fef389b5686\",\"name\":\"Karl Duchemin\",\"image\":{\"@type\":\"ImageObject\",\"inLanguage\":\"fr-FR\",\"@id\":\"https:\\\/\\\/karlduchemin.fr\\\/wp-content\\\/uploads\\\/2024\\\/10\\\/logo@150x150.jpg\",\"url\":\"https:\\\/\\\/karlduchemin.fr\\\/wp-content\\\/uploads\\\/2024\\\/10\\\/logo@150x150.jpg\",\"contentUrl\":\"https:\\\/\\\/karlduchemin.fr\\\/wp-content\\\/uploads\\\/2024\\\/10\\\/logo@150x150.jpg\",\"width\":150,\"height\":150,\"caption\":\"Karl Duchemin\"},\"logo\":{\"@id\":\"https:\\\/\\\/karlduchemin.fr\\\/wp-content\\\/uploads\\\/2024\\\/10\\\/logo@150x150.jpg\"},\"sameAs\":[\"http:\\\/\\\/karlduchemin.fr\",\"https:\\\/\\\/www.instagram.com\\\/karlduchemin.webdesigner\\\/\",\"https:\\\/\\\/www.linkedin.com\\\/in\\\/karl-duchemin-141933172\\\/\"]}]}<\/script>\n<!-- \/ Yoast SEO plugin. -->","yoast_head_json":{"title":"Karl Duchemin - Webdesigner, photographe, community manager et booker freelance","description":"Webdesigner, photographie, community manager et booker freelance \u00e0 Lille, je r\u00e9alise votre logo, site web, shooting photo...","robots":{"index":"index","follow":"follow","max-snippet":"max-snippet:-1","max-image-preview":"max-image-preview:large","max-video-preview":"max-video-preview:-1"},"canonical":"http:\/\/karlduchemin.fr\/","og_locale":"fr_FR","og_type":"article","og_title":"Karl Duchemin - Webdesigner, photographe, community manager et booker freelance","og_description":"Webdesigner, photographie, community manager et booker freelance \u00e0 Lille, je r\u00e9alise votre logo, site web, shooting photo...","og_url":"http:\/\/karlduchemin.fr\/","og_site_name":"Karl Duchemin","article_modified_time":"2026-09-01T08:19:26+00:00","og_image":[{"url":"https:\/\/karlduchemin.fr\/wp-content\/uploads\/2026\/08\/banniere-home.png","type":"","width":"","height":""}],"twitter_card":"summary_large_image","twitter_misc":{"Dur\u00e9e de lecture estim\u00e9e":"2 minutes"},"schema":{"@context":"https:\/\/schema.org","@graph":[{"@type":"WebPage","@id":"http:\/\/karlduchemin.fr\/","url":"http:\/\/karlduchemin.fr\/","name":"Karl Duchemin - Webdesigner, photographe, community manager et booker freelance","isPartOf":{"@id":"http:\/\/karlduchemin.fr\/#website"},"primaryImageOfPage":{"@id":"http:\/\/karlduchemin.fr\/#primaryimage"},"image":{"@id":"http:\/\/karlduchemin.fr\/#primaryimage"},"thumbnailUrl":"https:\/\/karlduchemin.fr\/wp-content\/uploads\/2026\/08\/banniere-home.png","datePublished":"2024-10-17T13:51:26+00:00","dateModified":"2026-09-01T08:19:26+00:00","description":"Webdesigner, photographie, community manager et booker freelance \u00e0 Lille, je r\u00e9alise votre logo, site web, shooting photo...","breadcrumb":{"@id":"http:\/\/karlduchemin.fr\/#breadcrumb"},"inLanguage":"fr-FR","potentialAction":[{"@type":"ReadAction","target":["http:\/\/karlduchemin.fr\/"]}]},{"@type":"ImageObject","inLanguage":"fr-FR","@id":"http:\/\/karlduchemin.fr\/#primaryimage","url":"https:\/\/karlduchemin.fr\/wp-content\/uploads\/2026\/08\/banniere-home.png","contentUrl":"https:\/\/karlduchemin.fr\/wp-content\/uploads\/2026\/08\/banniere-home.png","width":1024,"height":360},{"@type":"BreadcrumbList","@id":"http:\/\/karlduchemin.fr\/#breadcrumb","itemListElement":[{"@type":"ListItem","position":1,"name":"Accueil","item":"http:\/\/karlduchemin.fr\/"},{"@type":"ListItem","position":2,"name":"Accueil"}]},{"@type":"WebSite","@id":"http:\/\/karlduchemin.fr\/#website","url":"http:\/\/karlduchemin.fr\/","name":"Karl Duchemin","description":"Webdesigner, photographe, community manager et booker freelance","publisher":{"@id":"http:\/\/karlduchemin.fr\/#\/schema\/person\/e6c4f85e13fa9559dcdf1fef389b5686"},"potentialAction":[{"@type":"SearchAction","target":{"@type":"EntryPoint","urlTemplate":"http:\/\/karlduchemin.fr\/?s={search_term_string}"},"query-input":{"@type":"PropertyValueSpecification","valueRequired":true,"valueName":"search_term_string"}}],"inLanguage":"fr-FR"},{"@type":["Person","Organization"],"@id":"http:\/\/karlduchemin.fr\/#\/schema\/person\/e6c4f85e13fa9559dcdf1fef389b5686","name":"Karl Duchemin","image":{"@type":"ImageObject","inLanguage":"fr-FR","@id":"https:\/\/karlduchemin.fr\/wp-content\/uploads\/2024\/10\/logo@150x150.jpg","url":"https:\/\/karlduchemin.fr\/wp-content\/uploads\/2024\/10\/logo@150x150.jpg","contentUrl":"https:\/\/karlduchemin.fr\/wp-content\/uploads\/2024\/10\/logo@150x150.jpg","width":150,"height":150,"caption":"Karl Duchemin"},"logo":{"@id":"https:\/\/karlduchemin.fr\/wp-content\/uploads\/2024\/10\/logo@150x150.jpg"},"sameAs":["http:\/\/karlduchemin.fr","https:\/\/www.instagram.com\/karlduchemin.webdesigner\/","https:\/\/www.linkedin.com\/in\/karl-duchemin-141933172\/"]}]}},"jetpack_sharing_enabled":true,"_links":{"self":[{"href":"https:\/\/karlduchemin.fr\/index.php\/wp-json\/wp\/v2\/pages\/14","targetHints":{"allow":["GET"]}}],"collection":[{"href":"https:\/\/karlduchemin.fr\/index.php\/wp-json\/wp\/v2\/pages"}],"about":[{"href":"https:\/\/karlduchemin.fr\/index.php\/wp-json\/wp\/v2\/types\/page"}],"author":[{"embeddable":true,"href":"https:\/\/karlduchemin.fr\/index.php\/wp-json\/wp\/v2\/users\/1"}],"replies":[{"embeddable":true,"href":"https:\/\/karlduchemin.fr\/index.php\/wp-json\/wp\/v2\/comments?post=14"}],"version-history":[{"count":57,"href":"https:\/\/karlduchemin.fr\/index.php\/wp-json\/wp\/v2\/pages\/14\/revisions"}],"predecessor-version":[{"id":825,"href":"https:\/\/karlduchemin.fr\/index.php\/wp-json\/wp\/v2\/pages\/14\/revisions\/825"}],"wp:attachment":[{"href":"https:\/\/karlduchemin.fr\/index.php\/wp-json\/wp\/v2\/media?parent=14"}],"curies":[{"name":"wp","href":"https:\/\/api.w.org\/{rel}","templated":true}]}}