{"id":16,"date":"2024-10-17T15:51:26","date_gmt":"2024-10-17T13:51:26","guid":{"rendered":"https:\/\/karlduchemin.fr\/?page_id=16"},"modified":"2024-12-04T18:19:11","modified_gmt":"2024-12-04T17:19:11","slug":"contact-no","status":"publish","type":"page","link":"http:\/\/karlduchemin.fr\/index.php\/contact-no\/","title":{"rendered":"Contact"},"content":{"rendered":"\n<div class=\"wp-block-cover is-light ban-title\"><span aria-hidden=\"true\" class=\"wp-block-cover__background has-background-dim-0 has-background-dim\"><\/span><img loading=\"lazy\" decoding=\"async\" width=\"1652\" height=\"430\" class=\"wp-block-cover__image-background wp-image-479\" alt=\"\" src=\"https:\/\/karlduchemin.fr\/wp-content\/uploads\/2024\/12\/banniere-contact.jpg\" data-object-fit=\"cover\" srcset=\"http:\/\/karlduchemin.fr\/wp-content\/uploads\/2024\/12\/banniere-contact.jpg 1652w, http:\/\/karlduchemin.fr\/wp-content\/uploads\/2024\/12\/banniere-contact-300x78.jpg 300w, http:\/\/karlduchemin.fr\/wp-content\/uploads\/2024\/12\/banniere-contact-1024x267.jpg 1024w, http:\/\/karlduchemin.fr\/wp-content\/uploads\/2024\/12\/banniere-contact-768x200.jpg 768w, http:\/\/karlduchemin.fr\/wp-content\/uploads\/2024\/12\/banniere-contact-1536x400.jpg 1536w\" sizes=\"auto, (max-width: 1652px) 100vw, 1652px\" \/><div class=\"wp-block-cover__inner-container is-layout-constrained wp-block-cover-is-layout-constrained\">\n<p class=\"has-text-align-left border-title has-black-color has-text-color has-link-color wp-elements-1 wp-block-paragraph\" style=\"font-size:75px\"><strong>Entrons en contact !<\/strong><\/p>\n<\/div><\/div>\n\n\n\n<p class=\"has-text-align-center wp-block-paragraph\">Vous avez un projet en t\u00eate ou des questions concernant mes prestations ? Je serais ravi de vous aider \u00e0 donner vie \u00e0 vos id\u00e9es !  <\/p>\n\n\n\n<p class=\"has-text-align-center wp-block-paragraph\">Besoin d&rsquo;une communication sur-mesure et d\u00e9cal\u00e9e, d&rsquo;un site web \u00e0 votre image, d&rsquo;un shooting photos, de votre community manager couteau suisse, ou de quelqu&rsquo;un pour s&rsquo;occuper du booking de vos concerts&#8230; ? Polyvalent, et avec plus de 10 ans d&rsquo;exp\u00e9rience entre annonceurs vari\u00e9s et clients toujours satisfaits par mon travail en freelance, la seule limite est notre imagination commune !<\/p>\n\n\n\n<p class=\"has-text-align-center wp-block-paragraph\">Remplissez le formulaire ci-dessous, et je vous r\u00e9pondrai dans les plus brefs d\u00e9lais. Ensemble, cr\u00e9ons quelque chose d&rsquo;unique !<\/p>\n\n\n\n<hr class=\"wp-block-separator has-alpha-channel-opacity is-style-wide\"\/>\n\n\n\n<div class=\"wpcf7 no-js\" id=\"wpcf7-f61-o1\" lang=\"fr-FR\" dir=\"ltr\" data-wpcf7-id=\"61\">\n<div class=\"screen-reader-response\"><p role=\"status\" aria-live=\"polite\" aria-atomic=\"true\"><\/p> <ul><\/ul><\/div>\n<form action=\"\/index.php\/wp-json\/wp\/v2\/pages\/16#wpcf7-f61-o1\" method=\"post\" class=\"wpcf7-form init\" aria-label=\"Formulaire de contact\" novalidate=\"novalidate\" data-status=\"init\">\n<fieldset class=\"hidden-fields-container\"><input type=\"hidden\" name=\"_wpcf7\" value=\"61\" \/><input type=\"hidden\" name=\"_wpcf7_version\" value=\"6.1.7\" \/><input type=\"hidden\" name=\"_wpcf7_locale\" value=\"fr_FR\" \/><input type=\"hidden\" name=\"_wpcf7_unit_tag\" value=\"wpcf7-f61-o1\" \/><input type=\"hidden\" name=\"_wpcf7_container_post\" value=\"0\" \/><input type=\"hidden\" name=\"_wpcf7_posted_data_hash\" value=\"\" \/><input type=\"hidden\" name=\"_wpcf7_recaptcha_response\" value=\"\" \/>\n<\/fieldset>\n<p>Vous \u00eates :<br \/>\n<span class=\"wpcf7-form-control-wrap\" data-name=\"checkbox-213\"><span class=\"wpcf7-form-control wpcf7-checkbox\"><span class=\"wpcf7-list-item first\"><label><input type=\"checkbox\" name=\"checkbox-213[]\" value=\"Professionnel\" \/><span class=\"wpcf7-list-item-label\">Professionnel<\/span><\/label><\/span><span class=\"wpcf7-list-item\"><label><input type=\"checkbox\" name=\"checkbox-213[]\" value=\"Entreprise en cours de cr\u00e9ation\" \/><span class=\"wpcf7-list-item-label\">Entreprise en cours de cr\u00e9ation<\/span><\/label><\/span><span class=\"wpcf7-list-item\"><label><input type=\"checkbox\" name=\"checkbox-213[]\" value=\"Particulier\" \/><span class=\"wpcf7-list-item-label\">Particulier<\/span><\/label><\/span><span class=\"wpcf7-list-item\"><label><input type=\"checkbox\" name=\"checkbox-213[]\" value=\"Association\" \/><span class=\"wpcf7-list-item-label\">Association<\/span><\/label><\/span><span class=\"wpcf7-list-item last\"><label><input type=\"checkbox\" name=\"checkbox-213[]\" value=\"Autre (pr\u00e9ciser dans votre message)\" \/><span class=\"wpcf7-list-item-label\">Autre (pr\u00e9ciser dans votre message)<\/span><\/label><\/span><\/span><\/span>\n<\/p>\n<p>Civilit\u00e9 :<br \/>\n<span class=\"wpcf7-form-control-wrap\" data-name=\"checkbox-858\"><span class=\"wpcf7-form-control wpcf7-checkbox\"><span class=\"wpcf7-list-item first\"><label><input type=\"checkbox\" name=\"checkbox-858[]\" value=\"Madame\" \/><span class=\"wpcf7-list-item-label\">Madame<\/span><\/label><\/span><span class=\"wpcf7-list-item last\"><label><input type=\"checkbox\" name=\"checkbox-858[]\" value=\"Monsieur\" \/><span class=\"wpcf7-list-item-label\">Monsieur<\/span><\/label><\/span><\/span><\/span>\n<\/p>\n<p><label> Nom et pr\u00e9nom*<br \/>\n<span class=\"wpcf7-form-control-wrap\" data-name=\"your-name\"><input size=\"40\" maxlength=\"400\" class=\"wpcf7-form-control wpcf7-text wpcf7-validates-as-required\" autocomplete=\"name\" aria-required=\"true\" aria-invalid=\"false\" value=\"\" type=\"text\" name=\"your-name\" \/><\/span> <\/label>\n<\/p>\n<p><label> Soci\u00e9t\u00e9<br \/>\n<span class=\"wpcf7-form-control-wrap\" data-name=\"text-222\"><input size=\"40\" maxlength=\"400\" class=\"wpcf7-form-control wpcf7-text\" aria-invalid=\"false\" value=\"\" type=\"text\" name=\"text-222\" \/><\/span> <\/label>\n<\/p>\n<p><label> Siret<br \/>\n<span class=\"wpcf7-form-control-wrap\" data-name=\"text-414\"><input size=\"40\" maxlength=\"400\" class=\"wpcf7-form-control wpcf7-text\" aria-invalid=\"false\" value=\"\" type=\"text\" name=\"text-414\" \/><\/span> <\/label>\n<\/p>\n<p><label> Adresse (num\u00e9ro, rue, compl\u00e9ment, code postal, ville...)*<br \/>\n<span class=\"wpcf7-form-control-wrap\" data-name=\"text-725\"><input size=\"40\" maxlength=\"400\" class=\"wpcf7-form-control wpcf7-text wpcf7-validates-as-required\" aria-required=\"true\" aria-invalid=\"false\" value=\"\" type=\"text\" name=\"text-725\" \/><\/span> <\/label>\n<\/p>\n<p><label> E-mail*<br \/>\n<span class=\"wpcf7-form-control-wrap\" data-name=\"your-email\"><input size=\"40\" maxlength=\"400\" class=\"wpcf7-form-control wpcf7-email wpcf7-validates-as-required wpcf7-text wpcf7-validates-as-email\" autocomplete=\"email\" aria-required=\"true\" aria-invalid=\"false\" value=\"\" type=\"email\" name=\"your-email\" \/><\/span> <\/label>\n<\/p>\n<p><label> T\u00e9l\u00e9phone*<br \/>\n<span class=\"wpcf7-form-control-wrap\" data-name=\"tel-148\"><input size=\"40\" maxlength=\"400\" class=\"wpcf7-form-control wpcf7-tel wpcf7-validates-as-required wpcf7-text wpcf7-validates-as-tel\" aria-required=\"true\" aria-invalid=\"false\" value=\"\" type=\"tel\" name=\"tel-148\" \/><\/span> <\/label>\n<\/p>\n<p><label> Quel est votre projet ?<br \/>\n<span class=\"wpcf7-form-control-wrap\" data-name=\"Quelestvotreprojet\"><select class=\"wpcf7-form-control wpcf7-select\" aria-invalid=\"false\" multiple=\"multiple\" name=\"Quelestvotreprojet[]\"><option value=\"Webdesign\">Webdesign<\/option><option value=\"Photographie\">Photographie<\/option><option value=\"Logo\">Logo<\/option><option value=\"Affiche\">Affiche<\/option><option value=\"Community management\">Community management<\/option><option value=\"Autre\">Autre<\/option><\/select><\/span> <\/label>\n<\/p>\n<p><label> Votre message*<br \/>\n<span class=\"wpcf7-form-control-wrap\" data-name=\"your-message\"><textarea cols=\"40\" rows=\"10\" maxlength=\"2000\" class=\"wpcf7-form-control wpcf7-textarea wpcf7-validates-as-required\" aria-required=\"true\" aria-invalid=\"false\" name=\"your-message\"><\/textarea><\/span> <\/label>\n<\/p>\n<p>Les champs marqu\u00e9s d'un * sont obligatoires.\n<\/p>\n<p><input class=\"wpcf7-form-control wpcf7-submit has-spinner\" type=\"submit\" value=\"Envoyer\" \/>\n<\/p><p style=\"display: none !important;\" class=\"akismet-fields-container\" data-prefix=\"_wpcf7_ak_\"><label>&#916;<textarea name=\"_wpcf7_ak_hp_textarea\" cols=\"45\" rows=\"8\" maxlength=\"100\"><\/textarea><\/label><input type=\"hidden\" id=\"ak_js_1\" name=\"_wpcf7_ak_js\" value=\"137\"\/><script>\ndocument.getElementById( \"ak_js_1\" ).setAttribute( \"value\", ( new Date() ).getTime() );\n<\/script>\n<\/p><div class=\"wpcf7-response-output\" aria-hidden=\"true\"><\/div>\n<\/form>\n<\/div>\n\n","protected":false},"excerpt":{"rendered":"<p>Vous avez un projet en t\u00eate ou des questions concernant mes prestations ? Je serais ravi de vous aider \u00e0 donner vie \u00e0 vos id\u00e9es ! Besoin d&rsquo;une communication sur-mesure et d\u00e9cal\u00e9e, d&rsquo;un site web \u00e0 votre image, d&rsquo;un shooting photos, de votre community manager couteau suisse, ou de quelqu&rsquo;un pour s&rsquo;occuper du booking de [&hellip;]<\/p>\n","protected":false},"author":1,"featured_media":0,"parent":0,"menu_order":0,"comment_status":"closed","ping_status":"closed","template":"","meta":{"footnotes":""},"class_list":["post-16","page","type-page","status-publish","hentry"],"yoast_head":"<!-- This site is optimized with the Yoast SEO plugin v28.3 - https:\/\/yoast.com\/product\/yoast-seo-wordpress\/ -->\n<title>Contact - Karl Duchemin<\/title>\n<meta name=\"robots\" content=\"index, follow, max-snippet:-1, max-image-preview:large, max-video-preview:-1\" \/>\n<link rel=\"canonical\" href=\"http:\/\/karlduchemin.fr\/index.php\/contact-no\/\" \/>\n<meta property=\"og:locale\" content=\"fr_FR\" \/>\n<meta property=\"og:type\" content=\"article\" \/>\n<meta property=\"og:title\" content=\"Contact - Karl Duchemin\" \/>\n<meta property=\"og:description\" content=\"Vous avez un projet en t\u00eate ou des questions concernant mes prestations ? Je serais ravi de vous aider \u00e0 donner vie \u00e0 vos id\u00e9es ! Besoin d&rsquo;une communication sur-mesure et d\u00e9cal\u00e9e, d&rsquo;un site web \u00e0 votre image, d&rsquo;un shooting photos, de votre community manager couteau suisse, ou de quelqu&rsquo;un pour s&rsquo;occuper du booking de [&hellip;]\" \/>\n<meta property=\"og:url\" content=\"http:\/\/karlduchemin.fr\/index.php\/contact-no\/\" \/>\n<meta property=\"og:site_name\" content=\"Karl Duchemin\" \/>\n<meta property=\"article:modified_time\" content=\"2024-12-04T17:19:11+00:00\" \/>\n<meta property=\"og:image\" content=\"https:\/\/karlduchemin.fr\/wp-content\/uploads\/2024\/12\/banniere-contact.jpg\" \/>\n<meta name=\"twitter:card\" content=\"summary_large_image\" \/>\n<meta name=\"twitter:label1\" content=\"Dur\u00e9e de lecture estim\u00e9e\" \/>\n\t<meta name=\"twitter:data1\" content=\"1 minute\" \/>\n<script type=\"application\/ld+json\" class=\"yoast-schema-graph\">{\"@context\":\"https:\\\/\\\/schema.org\",\"@graph\":[{\"@type\":\"WebPage\",\"@id\":\"http:\\\/\\\/karlduchemin.fr\\\/index.php\\\/contact-no\\\/\",\"url\":\"http:\\\/\\\/karlduchemin.fr\\\/index.php\\\/contact-no\\\/\",\"name\":\"Contact - Karl Duchemin\",\"isPartOf\":{\"@id\":\"https:\\\/\\\/karlduchemin.fr\\\/#website\"},\"primaryImageOfPage\":{\"@id\":\"http:\\\/\\\/karlduchemin.fr\\\/index.php\\\/contact-no\\\/#primaryimage\"},\"image\":{\"@id\":\"http:\\\/\\\/karlduchemin.fr\\\/index.php\\\/contact-no\\\/#primaryimage\"},\"thumbnailUrl\":\"https:\\\/\\\/karlduchemin.fr\\\/wp-content\\\/uploads\\\/2024\\\/12\\\/banniere-contact.jpg\",\"datePublished\":\"2024-10-17T13:51:26+00:00\",\"dateModified\":\"2024-12-04T17:19:11+00:00\",\"breadcrumb\":{\"@id\":\"http:\\\/\\\/karlduchemin.fr\\\/index.php\\\/contact-no\\\/#breadcrumb\"},\"inLanguage\":\"fr-FR\",\"potentialAction\":[{\"@type\":\"ReadAction\",\"target\":[\"http:\\\/\\\/karlduchemin.fr\\\/index.php\\\/contact-no\\\/\"]}]},{\"@type\":\"ImageObject\",\"inLanguage\":\"fr-FR\",\"@id\":\"http:\\\/\\\/karlduchemin.fr\\\/index.php\\\/contact-no\\\/#primaryimage\",\"url\":\"http:\\\/\\\/karlduchemin.fr\\\/wp-content\\\/uploads\\\/2024\\\/12\\\/banniere-contact.jpg\",\"contentUrl\":\"http:\\\/\\\/karlduchemin.fr\\\/wp-content\\\/uploads\\\/2024\\\/12\\\/banniere-contact.jpg\",\"width\":1652,\"height\":430},{\"@type\":\"BreadcrumbList\",\"@id\":\"http:\\\/\\\/karlduchemin.fr\\\/index.php\\\/contact-no\\\/#breadcrumb\",\"itemListElement\":[{\"@type\":\"ListItem\",\"position\":1,\"name\":\"Accueil\",\"item\":\"https:\\\/\\\/karlduchemin.fr\\\/\"},{\"@type\":\"ListItem\",\"position\":2,\"name\":\"Contact\"}]},{\"@type\":\"WebSite\",\"@id\":\"https:\\\/\\\/karlduchemin.fr\\\/#website\",\"url\":\"https:\\\/\\\/karlduchemin.fr\\\/\",\"name\":\"Karl Duchemin\",\"description\":\"Webdesigner, photographe, community manager et booker freelance\",\"publisher\":{\"@id\":\"https:\\\/\\\/karlduchemin.fr\\\/#\\\/schema\\\/person\\\/e6c4f85e13fa9559dcdf1fef389b5686\"},\"potentialAction\":[{\"@type\":\"SearchAction\",\"target\":{\"@type\":\"EntryPoint\",\"urlTemplate\":\"https:\\\/\\\/karlduchemin.fr\\\/?s={search_term_string}\"},\"query-input\":{\"@type\":\"PropertyValueSpecification\",\"valueRequired\":true,\"valueName\":\"search_term_string\"}}],\"inLanguage\":\"fr-FR\"},{\"@type\":[\"Person\",\"Organization\"],\"@id\":\"https:\\\/\\\/karlduchemin.fr\\\/#\\\/schema\\\/person\\\/e6c4f85e13fa9559dcdf1fef389b5686\",\"name\":\"Karl Duchemin\",\"image\":{\"@type\":\"ImageObject\",\"inLanguage\":\"fr-FR\",\"@id\":\"http:\\\/\\\/karlduchemin.fr\\\/wp-content\\\/uploads\\\/2024\\\/10\\\/logo@150x150.jpg\",\"url\":\"http:\\\/\\\/karlduchemin.fr\\\/wp-content\\\/uploads\\\/2024\\\/10\\\/logo@150x150.jpg\",\"contentUrl\":\"http:\\\/\\\/karlduchemin.fr\\\/wp-content\\\/uploads\\\/2024\\\/10\\\/logo@150x150.jpg\",\"width\":150,\"height\":150,\"caption\":\"Karl Duchemin\"},\"logo\":{\"@id\":\"http:\\\/\\\/karlduchemin.fr\\\/wp-content\\\/uploads\\\/2024\\\/10\\\/logo@150x150.jpg\"},\"sameAs\":[\"http:\\\/\\\/karlduchemin.fr\",\"https:\\\/\\\/www.instagram.com\\\/karlduchemin.webdesigner\\\/\",\"https:\\\/\\\/www.linkedin.com\\\/in\\\/karl-duchemin-141933172\\\/\"]}]}<\/script>\n<!-- \/ Yoast SEO plugin. -->","yoast_head_json":{"title":"Contact - Karl Duchemin","robots":{"index":"index","follow":"follow","max-snippet":"max-snippet:-1","max-image-preview":"max-image-preview:large","max-video-preview":"max-video-preview:-1"},"canonical":"http:\/\/karlduchemin.fr\/index.php\/contact-no\/","og_locale":"fr_FR","og_type":"article","og_title":"Contact - Karl Duchemin","og_description":"Vous avez un projet en t\u00eate ou des questions concernant mes prestations ? Je serais ravi de vous aider \u00e0 donner vie \u00e0 vos id\u00e9es ! Besoin d&rsquo;une communication sur-mesure et d\u00e9cal\u00e9e, d&rsquo;un site web \u00e0 votre image, d&rsquo;un shooting photos, de votre community manager couteau suisse, ou de quelqu&rsquo;un pour s&rsquo;occuper du booking de [&hellip;]","og_url":"http:\/\/karlduchemin.fr\/index.php\/contact-no\/","og_site_name":"Karl Duchemin","article_modified_time":"2024-12-04T17:19:11+00:00","og_image":[{"url":"https:\/\/karlduchemin.fr\/wp-content\/uploads\/2024\/12\/banniere-contact.jpg","type":"","width":"","height":""}],"twitter_card":"summary_large_image","twitter_misc":{"Dur\u00e9e de lecture estim\u00e9e":"1 minute"},"schema":{"@context":"https:\/\/schema.org","@graph":[{"@type":"WebPage","@id":"http:\/\/karlduchemin.fr\/index.php\/contact-no\/","url":"http:\/\/karlduchemin.fr\/index.php\/contact-no\/","name":"Contact - Karl Duchemin","isPartOf":{"@id":"https:\/\/karlduchemin.fr\/#website"},"primaryImageOfPage":{"@id":"http:\/\/karlduchemin.fr\/index.php\/contact-no\/#primaryimage"},"image":{"@id":"http:\/\/karlduchemin.fr\/index.php\/contact-no\/#primaryimage"},"thumbnailUrl":"https:\/\/karlduchemin.fr\/wp-content\/uploads\/2024\/12\/banniere-contact.jpg","datePublished":"2024-10-17T13:51:26+00:00","dateModified":"2024-12-04T17:19:11+00:00","breadcrumb":{"@id":"http:\/\/karlduchemin.fr\/index.php\/contact-no\/#breadcrumb"},"inLanguage":"fr-FR","potentialAction":[{"@type":"ReadAction","target":["http:\/\/karlduchemin.fr\/index.php\/contact-no\/"]}]},{"@type":"ImageObject","inLanguage":"fr-FR","@id":"http:\/\/karlduchemin.fr\/index.php\/contact-no\/#primaryimage","url":"http:\/\/karlduchemin.fr\/wp-content\/uploads\/2024\/12\/banniere-contact.jpg","contentUrl":"http:\/\/karlduchemin.fr\/wp-content\/uploads\/2024\/12\/banniere-contact.jpg","width":1652,"height":430},{"@type":"BreadcrumbList","@id":"http:\/\/karlduchemin.fr\/index.php\/contact-no\/#breadcrumb","itemListElement":[{"@type":"ListItem","position":1,"name":"Accueil","item":"https:\/\/karlduchemin.fr\/"},{"@type":"ListItem","position":2,"name":"Contact"}]},{"@type":"WebSite","@id":"https:\/\/karlduchemin.fr\/#website","url":"https:\/\/karlduchemin.fr\/","name":"Karl Duchemin","description":"Webdesigner, photographe, community manager et booker freelance","publisher":{"@id":"https:\/\/karlduchemin.fr\/#\/schema\/person\/e6c4f85e13fa9559dcdf1fef389b5686"},"potentialAction":[{"@type":"SearchAction","target":{"@type":"EntryPoint","urlTemplate":"https:\/\/karlduchemin.fr\/?s={search_term_string}"},"query-input":{"@type":"PropertyValueSpecification","valueRequired":true,"valueName":"search_term_string"}}],"inLanguage":"fr-FR"},{"@type":["Person","Organization"],"@id":"https:\/\/karlduchemin.fr\/#\/schema\/person\/e6c4f85e13fa9559dcdf1fef389b5686","name":"Karl Duchemin","image":{"@type":"ImageObject","inLanguage":"fr-FR","@id":"http:\/\/karlduchemin.fr\/wp-content\/uploads\/2024\/10\/logo@150x150.jpg","url":"http:\/\/karlduchemin.fr\/wp-content\/uploads\/2024\/10\/logo@150x150.jpg","contentUrl":"http:\/\/karlduchemin.fr\/wp-content\/uploads\/2024\/10\/logo@150x150.jpg","width":150,"height":150,"caption":"Karl Duchemin"},"logo":{"@id":"http:\/\/karlduchemin.fr\/wp-content\/uploads\/2024\/10\/logo@150x150.jpg"},"sameAs":["http:\/\/karlduchemin.fr","https:\/\/www.instagram.com\/karlduchemin.webdesigner\/","https:\/\/www.linkedin.com\/in\/karl-duchemin-141933172\/"]}]}},"jetpack_sharing_enabled":true,"_links":{"self":[{"href":"http:\/\/karlduchemin.fr\/index.php\/wp-json\/wp\/v2\/pages\/16","targetHints":{"allow":["GET"]}}],"collection":[{"href":"http:\/\/karlduchemin.fr\/index.php\/wp-json\/wp\/v2\/pages"}],"about":[{"href":"http:\/\/karlduchemin.fr\/index.php\/wp-json\/wp\/v2\/types\/page"}],"author":[{"embeddable":true,"href":"http:\/\/karlduchemin.fr\/index.php\/wp-json\/wp\/v2\/users\/1"}],"replies":[{"embeddable":true,"href":"http:\/\/karlduchemin.fr\/index.php\/wp-json\/wp\/v2\/comments?post=16"}],"version-history":[{"count":29,"href":"http:\/\/karlduchemin.fr\/index.php\/wp-json\/wp\/v2\/pages\/16\/revisions"}],"predecessor-version":[{"id":521,"href":"http:\/\/karlduchemin.fr\/index.php\/wp-json\/wp\/v2\/pages\/16\/revisions\/521"}],"wp:attachment":[{"href":"http:\/\/karlduchemin.fr\/index.php\/wp-json\/wp\/v2\/media?parent=16"}],"curies":[{"name":"wp","href":"https:\/\/api.w.org\/{rel}","templated":true}]}}